{"version":"1.0","provider_name":"Zgromadzenie Si\u00f3str Franciszkanek Rodziny Maryi","provider_url":"https:\/\/prowincjawarszawska.pl","author_name":"Aleksandra Karczewska","author_url":"https:\/\/prowincjawarszawska.pl\/index.php\/author\/s-aleksandra\/","title":"UROCZYSTO\u015a\u0106 BO\u017bEGO NARODZENIA - Zgromadzenie Si\u00f3str Franciszkanek Rodziny Maryi","type":"rich","width":600,"height":338,"html":"<blockquote class=\"wp-embedded-content\" data-secret=\"XC6mns5DvD\"><a href=\"https:\/\/prowincjawarszawska.pl\/index.php\/2021\/12\/25\/uroczystosc-bozego-narodzenia\/\">UROCZYSTO\u015a\u0106 BO\u017bEGO NARODZENIA<\/a><\/blockquote><iframe sandbox=\"allow-scripts\" security=\"restricted\" src=\"https:\/\/prowincjawarszawska.pl\/index.php\/2021\/12\/25\/uroczystosc-bozego-narodzenia\/embed\/#?secret=XC6mns5DvD\" width=\"600\" height=\"338\" title=\"&#8222;UROCZYSTO\u015a\u0106 BO\u017bEGO NARODZENIA&#8221; &#8212; Zgromadzenie Si\u00f3str Franciszkanek Rodziny Maryi\" data-secret=\"XC6mns5DvD\" frameborder=\"0\" marginwidth=\"0\" marginheight=\"0\" scrolling=\"no\" class=\"wp-embedded-content\"><\/iframe><script type=\"text\/javascript\">\n\/* <![CDATA[ *\/\n\/*! This file is auto-generated *\/\n!function(d,l){\"use strict\";l.querySelector&&d.addEventListener&&\"undefined\"!=typeof URL&&(d.wp=d.wp||{},d.wp.receiveEmbedMessage||(d.wp.receiveEmbedMessage=function(e){var t=e.data;if((t||t.secret||t.message||t.value)&&!\/[^a-zA-Z0-9]\/.test(t.secret)){for(var s,r,n,a=l.querySelectorAll('iframe[data-secret=\"'+t.secret+'\"]'),o=l.querySelectorAll('blockquote[data-secret=\"'+t.secret+'\"]'),c=new RegExp(\"^https?:$\",\"i\"),i=0;i<o.length;i++)o[i].style.display=\"none\";for(i=0;i<a.length;i++)s=a[i],e.source===s.contentWindow&&(s.removeAttribute(\"style\"),\"height\"===t.message?(1e3<(r=parseInt(t.value,10))?r=1e3:~~r<200&&(r=200),s.height=r):\"link\"===t.message&&(r=new URL(s.getAttribute(\"src\")),n=new URL(t.value),c.test(n.protocol))&&n.host===r.host&&l.activeElement===s&&(d.top.location.href=t.value))}},d.addEventListener(\"message\",d.wp.receiveEmbedMessage,!1),l.addEventListener(\"DOMContentLoaded\",function(){for(var e,t,s=l.querySelectorAll(\"iframe.wp-embedded-content\"),r=0;r<s.length;r++)(t=(e=s[r]).getAttribute(\"data-secret\"))||(t=Math.random().toString(36).substring(2,12),e.src+=\"#?secret=\"+t,e.setAttribute(\"data-secret\",t)),e.contentWindow.postMessage({message:\"ready\",secret:t},\"*\")},!1)))}(window,document);\n\/\/# sourceURL=https:\/\/prowincjawarszawska.pl\/wp-includes\/js\/wp-embed.min.js\n\/* ]]> *\/\n<\/script>\n","description":"\u201ePo za\u015blubinach Matki Jego, Maryi, z J\u00f3zefem, wpierw nim zamieszkali razem, znalaz\u0142a si\u0119 brzemienn\u0105 za spraw\u0105 Ducha \u015awi\u0119tego.\u201d Mt 1, 18 Dzisiejsza Ewangelia pokazuje nam, i\u017c ka\u017cdy cz\u0142owiek, kt\u00f3ry daje si\u0119 prowadzi\u0107 Duchowi \u015awi\u0119temu, mo\u017ce by\u0107, jak Maryja, brzemienny w S\u0142owo Bo\u017ce i rodzi\u0107 Chrystusa dla innych. Otw\u00f3rzmy serca na Jego dzia\u0142anie i wo\u0142ajmy \u2013 [&hellip;]","thumbnail_url":"http:\/\/prowincjawarszawska.pl\/wp-content\/uploads\/2022\/01\/Boze-Narodzenie-2021-1024x576.jpg"}