{"version":"1.0","provider_name":"Zgromadzenie Si\u00f3str Franciszkanek Rodziny Maryi","provider_url":"https:\/\/prowincjawarszawska.pl","author_name":"Aleksandra Karczewska","author_url":"https:\/\/prowincjawarszawska.pl\/index.php\/author\/s-aleksandra\/","title":"XIV NIEDZIELA ZWYK\u0141A - Zgromadzenie Si\u00f3str Franciszkanek Rodziny Maryi","type":"rich","width":600,"height":338,"html":"<blockquote class=\"wp-embedded-content\" data-secret=\"3eAHcIxmfH\"><a href=\"https:\/\/prowincjawarszawska.pl\/index.php\/2022\/07\/05\/xiv-niedziela-zwykla\/\">XIV NIEDZIELA ZWYK\u0141A<\/a><\/blockquote><iframe sandbox=\"allow-scripts\" security=\"restricted\" src=\"https:\/\/prowincjawarszawska.pl\/index.php\/2022\/07\/05\/xiv-niedziela-zwykla\/embed\/#?secret=3eAHcIxmfH\" width=\"600\" height=\"338\" title=\"&#8222;XIV NIEDZIELA ZWYK\u0141A&#8221; &#8212; Zgromadzenie Si\u00f3str Franciszkanek Rodziny Maryi\" data-secret=\"3eAHcIxmfH\" frameborder=\"0\" marginwidth=\"0\" marginheight=\"0\" scrolling=\"no\" class=\"wp-embedded-content\"><\/iframe><script type=\"text\/javascript\">\n\/* <![CDATA[ *\/\n\/*! This file is auto-generated *\/\n!function(d,l){\"use strict\";l.querySelector&&d.addEventListener&&\"undefined\"!=typeof URL&&(d.wp=d.wp||{},d.wp.receiveEmbedMessage||(d.wp.receiveEmbedMessage=function(e){var t=e.data;if((t||t.secret||t.message||t.value)&&!\/[^a-zA-Z0-9]\/.test(t.secret)){for(var s,r,n,a=l.querySelectorAll('iframe[data-secret=\"'+t.secret+'\"]'),o=l.querySelectorAll('blockquote[data-secret=\"'+t.secret+'\"]'),c=new RegExp(\"^https?:$\",\"i\"),i=0;i<o.length;i++)o[i].style.display=\"none\";for(i=0;i<a.length;i++)s=a[i],e.source===s.contentWindow&&(s.removeAttribute(\"style\"),\"height\"===t.message?(1e3<(r=parseInt(t.value,10))?r=1e3:~~r<200&&(r=200),s.height=r):\"link\"===t.message&&(r=new URL(s.getAttribute(\"src\")),n=new URL(t.value),c.test(n.protocol))&&n.host===r.host&&l.activeElement===s&&(d.top.location.href=t.value))}},d.addEventListener(\"message\",d.wp.receiveEmbedMessage,!1),l.addEventListener(\"DOMContentLoaded\",function(){for(var e,t,s=l.querySelectorAll(\"iframe.wp-embedded-content\"),r=0;r<s.length;r++)(t=(e=s[r]).getAttribute(\"data-secret\"))||(t=Math.random().toString(36).substring(2,12),e.src+=\"#?secret=\"+t,e.setAttribute(\"data-secret\",t)),e.contentWindow.postMessage({message:\"ready\",secret:t},\"*\")},!1)))}(window,document);\n\/\/# sourceURL=https:\/\/prowincjawarszawska.pl\/wp-includes\/js\/wp-embed.min.js\n\/* ]]> *\/\n<\/script>\n","thumbnail_url":"https:\/\/prowincjawarszawska.pl\/wp-content\/uploads\/2022\/07\/owca.jpg","thumbnail_width":600,"thumbnail_height":375,"description":"\u201eId\u017acie, oto posy\u0142am Was jak owce mi\u0119dzy wilki\u2026Gdy wejdziecie do jakiego\u015b domu najpierw m\u00f3wcie \u2013 pok\u00f3j temu domowi.\u201d &nbsp;&nbsp;\u0141k 10, 1-12.17-20 Jezus zaprasza nas do tego,&nbsp; by\u015bmy byli narz\u0119dziami Jego pokoju w \u015bwiecie. Zanim jednak b\u0119d\u0119 mia\u0142 nie\u015b\u0107 pok\u00f3j innym, musz\u0119 zatroszczy\u0107 si\u0119 o to, by pok\u00f3j ten zago\u015bci\u0142 najpierw w moim sercu. Panie \u2013 [&hellip;]"}